{"id":51115,"date":"2024-11-07T00:18:51","date_gmt":"2024-11-06T23:18:51","guid":{"rendered":"https:\/\/evk-hornbach.de\/?page_id=51115"},"modified":"2024-11-07T18:22:14","modified_gmt":"2024-11-07T17:22:14","slug":"hornbacher-kirchengeschichte-ultrakurz","status":"publish","type":"page","link":"https:\/\/evk-hornbach.de\/?page_id=51115","title":{"rendered":"Hornbacher Kirchengeschichte (ultrakurz)"},"content":{"rendered":"\n\n\n<div class=\"wp-block-getwid-accordion has-icon-left\" data-active-element=\"none\">\n<div class=\"wp-block-getwid-accordion__header-wrapper\"><span class=\"wp-block-getwid-accordion__header\"><a href=\"#\"><span class=\"wp-block-getwid-accordion__header-title\">Teil 1: St. Pirminius und die Gr\u00fcndung des Klosters Hornbach<\/span><span class=\"wp-block-getwid-accordion__icon is-active\"><i class=\"fas fa-plus\"><\/i><\/span><span class=\"wp-block-getwid-accordion__icon is-passive\"><i class=\"fas fa-minus\"><\/i><\/span><\/a><\/span><\/div><div class=\"wp-block-getwid-accordion__content-wrapper\"><div class=\"wp-block-getwid-accordion__content\">\n<div class=\"wp-block-media-text is-stacked-on-mobile is-vertically-aligned-center\"><figure class=\"wp-block-media-text__media\"><img loading=\"lazy\" decoding=\"async\" width=\"833\" height=\"831\" src=\"https:\/\/evk-hornbach.de\/wp-content\/uploads\/2017\/12\/pirminius-hgblau.png\" alt=\"\" class=\"wp-image-51099 size-full\" srcset=\"https:\/\/evk-hornbach.de\/wp-content\/uploads\/2017\/12\/pirminius-hgblau.png 833w, https:\/\/evk-hornbach.de\/wp-content\/uploads\/2017\/12\/pirminius-hgblau-300x300.png 300w, https:\/\/evk-hornbach.de\/wp-content\/uploads\/2017\/12\/pirminius-hgblau-150x150.png 150w, https:\/\/evk-hornbach.de\/wp-content\/uploads\/2017\/12\/pirminius-hgblau-768x766.png 768w\" sizes=\"auto, (max-width: 833px) 100vw, 833px\" \/><\/figure><div class=\"wp-block-media-text__content\">\n<p>Die Geschichte der Kirchengemeinde Hornbach l\u00e4sst sich \u00fcber 1280 Jahre zur\u00fcckverfolgen bis ins Jahr 741.<\/p>\n<\/div><\/div>\n\n\n\n<p>Damals gr\u00fcndete der Wanderm\u00f6nch <a href=\"https:\/\/www.heiligenlexikon.de\/BiographienP\/Pirmin.htm\" target=\"_blank\" rel=\"noreferrer noopener\">Pirminius<\/a> auf r\u00f6mischen Ruinen das Kloster Hornbach und lebte dort, bis er 753 starb.<\/p>\n\n\n\n<p>Schon bald darauf wurde er als Heiliger verehrt.<\/p>\n<\/div><\/div>\n\n\n\n<div class=\"wp-block-getwid-accordion__header-wrapper\"><span class=\"wp-block-getwid-accordion__header\"><a href=\"#\"><span class=\"wp-block-getwid-accordion__header-title\">Teil 2: Aufstieg und Niedergang des Klosters im Mittelalter<\/span><span class=\"wp-block-getwid-accordion__icon is-active\"><i class=\"fas fa-plus\"><\/i><\/span><span class=\"wp-block-getwid-accordion__icon is-passive\"><i class=\"fas fa-minus\"><\/i><\/span><\/a><\/span><\/div><div class=\"wp-block-getwid-accordion__content-wrapper\"><div class=\"wp-block-getwid-accordion__content\">\n<div class=\"wp-block-media-text has-media-on-the-right is-stacked-on-mobile is-vertically-aligned-center\"><div class=\"wp-block-media-text__content\">\n<p>Die benediktinischen M\u00f6nche erwiesen sich als sehr t\u00fcchtig und erfolgreich, was die Erschlie\u00dfung des Umlandes betraf.<\/p>\n<\/div><figure class=\"wp-block-media-text__media\"><img loading=\"lazy\" decoding=\"async\" width=\"600\" height=\"538\" src=\"https:\/\/evk-hornbach.de\/wp-content\/uploads\/2024\/11\/klosterHornbach.jpg\" alt=\"\" class=\"wp-image-51116 size-full\" srcset=\"https:\/\/evk-hornbach.de\/wp-content\/uploads\/2024\/11\/klosterHornbach.jpg 600w, https:\/\/evk-hornbach.de\/wp-content\/uploads\/2024\/11\/klosterHornbach-300x269.jpg 300w\" sizes=\"auto, (max-width: 600px) 100vw, 600px\" \/><\/figure><\/div>\n\n\n\n<p>Das Kloster wurde reich &#8211; was man schon an der gewaltigen Kirche erkennt. Doch ab dem 13. Jahrhundert begann der Niedergang. Um 1540 lebten dort nur noch drei M\u00f6nche.<\/p>\n\n\n\n<p>Um das Kloster herum hatte sich eine kleine Stadt entwickelt.<\/p>\n<\/div><\/div>\n\n\n\n<div class=\"wp-block-getwid-accordion__header-wrapper\"><span class=\"wp-block-getwid-accordion__header\"><a href=\"#\"><span class=\"wp-block-getwid-accordion__header-title\">Teil 3: Die Reformation &#8211; Hornbach wird evangelisch<\/span><span class=\"wp-block-getwid-accordion__icon is-active\"><i class=\"fas fa-plus\"><\/i><\/span><span class=\"wp-block-getwid-accordion__icon is-passive\"><i class=\"fas fa-minus\"><\/i><\/span><\/a><\/span><\/div><div class=\"wp-block-getwid-accordion__content-wrapper\"><div class=\"wp-block-getwid-accordion__content\">\n<div class=\"wp-block-media-text is-stacked-on-mobile is-vertically-aligned-center\"><figure class=\"wp-block-media-text__media\"><img loading=\"lazy\" decoding=\"async\" width=\"752\" height=\"1024\" src=\"https:\/\/evk-hornbach.de\/wp-content\/uploads\/2024\/11\/Bock-752x1024.png\" alt=\"\" class=\"wp-image-51117 size-full\" srcset=\"https:\/\/evk-hornbach.de\/wp-content\/uploads\/2024\/11\/Bock-752x1024.png 752w, https:\/\/evk-hornbach.de\/wp-content\/uploads\/2024\/11\/Bock-220x300.png 220w, https:\/\/evk-hornbach.de\/wp-content\/uploads\/2024\/11\/Bock-768x1045.png 768w, https:\/\/evk-hornbach.de\/wp-content\/uploads\/2024\/11\/Bock-564x768.png 564w, https:\/\/evk-hornbach.de\/wp-content\/uploads\/2024\/11\/Bock.png 800w\" sizes=\"auto, (max-width: 752px) 100vw, 752px\" \/><\/figure><div class=\"wp-block-media-text__content\">\n<p>In den 1530er Jahren wurde das F\u00fcrstentum Pfalz-Zweibr\u00fccken konfessionell reformiert. Hornbach wurde 1533 evangelisch. <\/p>\n<\/div><\/div>\n\n\n\n<p>Damals lebte der Theologe und Botaniker <a href=\"https:\/\/de.wikipedia.org\/wiki\/Hieronymus_Bock\">Hieronymus Bock<\/a> in Hornbach, der ab 1536 evangelischer Pfarrer im Ort wurde.<\/p>\n\n\n\n<p>Das Kloster wurde 1557 entg\u00fcltig aufgehoben und in eine f\u00fcrstliche Hochschule umgewandelt. Der letzte Abt des Klosters &#8222;rettete&#8220; die sterblichen \u00dcberreste des Pirminius, indem er sie heimlich nach Tirol schaffen lie\u00df.<\/p>\n<\/div><\/div>\n\n\n\n<div class=\"wp-block-getwid-accordion__header-wrapper\"><span class=\"wp-block-getwid-accordion__header\"><a href=\"#\"><span class=\"wp-block-getwid-accordion__header-title\">Teil 4:  Hornbach in schlimmen Zeiten (17. und 18. Jh.)<\/span><span class=\"wp-block-getwid-accordion__icon is-active\"><i class=\"fas fa-plus\"><\/i><\/span><span class=\"wp-block-getwid-accordion__icon is-passive\"><i class=\"fas fa-minus\"><\/i><\/span><\/a><\/span><\/div><div class=\"wp-block-getwid-accordion__content-wrapper\"><div class=\"wp-block-getwid-accordion__content\">\n<p>Mit dem 30 j\u00e4hrigen Krieg begann eine Epoche mit verheerenden Auseinandersetzungen, von denen Hornbach nicht verschont blieb. Die einstige Klosteranlage zerfiel. Das Baumaterial wurde f\u00fcr den Wiederaufbau der B\u00fcrgerh\u00e4user verwendet. Die einstige Hochschule wurde nach Zweibr\u00fccken verlegt. <br>Die Stadt Hornbach versank in der Bedeutungslosigkeit.<\/p>\n\n\n\n<div class=\"wp-block-media-text is-stacked-on-mobile is-vertically-aligned-center\" style=\"grid-template-columns:45% auto\"><figure class=\"wp-block-media-text__media\"><img loading=\"lazy\" decoding=\"async\" width=\"395\" height=\"528\" src=\"https:\/\/evk-hornbach.de\/wp-content\/uploads\/2024\/11\/HornbachBuergerkirche.jpg\" alt=\"\" class=\"wp-image-51120 size-full\" srcset=\"https:\/\/evk-hornbach.de\/wp-content\/uploads\/2024\/11\/HornbachBuergerkirche.jpg 395w, https:\/\/evk-hornbach.de\/wp-content\/uploads\/2024\/11\/HornbachBuergerkirche-224x300.jpg 224w\" sizes=\"auto, (max-width: 395px) 100vw, 395px\" \/><\/figure><div class=\"wp-block-media-text__content\">\n<p>Die Protestanten wie auch die Katholiken versammelten sich zu den Gottesdiensten in einer ehemaligen Markthalle, der sogenannten B\u00fcrgerkirche, heute das Rathaus der Stadt Hornbach.<\/p>\n<\/div><\/div>\n<\/div><\/div>\n\n\n\n<div class=\"wp-block-getwid-accordion__header-wrapper\"><span class=\"wp-block-getwid-accordion__header\"><a href=\"#\"><span class=\"wp-block-getwid-accordion__header-title\">Teil 5:  Der Bau der neuen Klosterkirche (1783-86)<\/span><span class=\"wp-block-getwid-accordion__icon is-active\"><i class=\"fas fa-plus\"><\/i><\/span><span class=\"wp-block-getwid-accordion__icon is-passive\"><i class=\"fas fa-minus\"><\/i><\/span><\/a><\/span><\/div><div class=\"wp-block-getwid-accordion__content-wrapper\"><div class=\"wp-block-getwid-accordion__content\">\n<div class=\"wp-block-media-text is-stacked-on-mobile\"><figure class=\"wp-block-media-text__media\"><img loading=\"lazy\" decoding=\"async\" width=\"324\" height=\"432\" src=\"https:\/\/evk-hornbach.de\/wp-content\/uploads\/2024\/11\/HornbachChurch.jpg\" alt=\"\" class=\"wp-image-51129 size-full\" srcset=\"https:\/\/evk-hornbach.de\/wp-content\/uploads\/2024\/11\/HornbachChurch.jpg 324w, https:\/\/evk-hornbach.de\/wp-content\/uploads\/2024\/11\/HornbachChurch-225x300.jpg 225w\" sizes=\"auto, (max-width: 324px) 100vw, 324px\" \/><\/figure><div class=\"wp-block-media-text__content\">\n<p>In der zweiten H\u00e4lfte des 18. Jahrhunderts meinte man, dass friedlichere Zeiten gekommen seien und entschloss sich zum Neubau einer evangelischen Kirche auf den Fundamenten der alten Klosterkirche. <\/p>\n<\/div><\/div>\n\n\n\n<p>Diese wurde 1786 fertiggestellt, enthielt jedoch keinen Turm. Dies gefiel den Hornbachern nicht, so dass die Stadt den Glockenturm gegen den Widerstand des damaligen Pfarrers direkt an die Kirche &#8222;dranklebte&#8220;. Mit mehr als 200 Sitzpl\u00e4tzen bot das Gotteshaus \u00fcppig Raum f\u00fcr die Evangelischen aus Hornbach und Umgebung.<\/p>\n<\/div><\/div>\n\n\n\n<div class=\"wp-block-getwid-accordion__header-wrapper\"><span class=\"wp-block-getwid-accordion__header\"><a href=\"#\"><span class=\"wp-block-getwid-accordion__header-title\">Teil 6:  Entwicklung bis heute<\/span><span class=\"wp-block-getwid-accordion__icon is-active\"><i class=\"fas fa-plus\"><\/i><\/span><span class=\"wp-block-getwid-accordion__icon is-passive\"><i class=\"fas fa-minus\"><\/i><\/span><\/a><\/span><\/div><div class=\"wp-block-getwid-accordion__content-wrapper\"><div class=\"wp-block-getwid-accordion__content\">\n<div class=\"wp-block-uagb-image uagb-block-d23a181e wp-block-uagb-image--layout-default wp-block-uagb-image--effect-static wp-block-uagb-image--align-none\"><figure class=\"wp-block-uagb-image__figure\"><a class=\"\" href=\"https:\/\/evk-hornbach.de\/wp-content\/uploads\/2024\/11\/hornbach-center.jpg\" target=\"_blank\" rel=\"noreferrer noopener\"><img decoding=\"async\" srcset=\"https:\/\/evk-hornbach.de\/wp-content\/uploads\/2024\/11\/hornbach-center.jpg ,https:\/\/evk-hornbach.de\/wp-content\/uploads\/2024\/11\/hornbach-center.jpg 780w, https:\/\/evk-hornbach.de\/wp-content\/uploads\/2024\/11\/hornbach-center.jpg 360w\" sizes=\"auto, (max-width: 480px) 150px\" src=\"https:\/\/evk-hornbach.de\/wp-content\/uploads\/2024\/11\/hornbach-center.jpg\" alt=\"\" class=\"uag-image-51128\" width=\"800\" height=\"578\" title=\"hornbach-center\" loading=\"lazy\" role=\"img\"\/><\/a><\/figure><\/div>\n\n\n\n<p>Eine Serie von sehr t\u00fcchtigen Gemeindepfarrern sowohl auf evangelischer als auch auf katholischer Seite half nicht nur dabei, dass sich ein reges, christliches Gemeindeleben entwickelte, sondern auch eine \u00fcberaus harmonische, \u00f6kumenische Zusammenarbeit, auch mit franz\u00f6sischen Nachbargemeinden.<\/p>\n\n\n\n<p>Nachdem man in den 1950er Jahren das Grab des Pirminius wiederentdeckt und restauriert hatte, wurden einige Teile seiner Gebeine der Stadt zur\u00fcckgegeben. Danach fanden weitere Restaurierungsarbeiten an den verfallenen Klostergeb\u00e4uden statt, und im Jahr 2000 wurde auf den alten Grundmauern das <a href=\"https:\/\/www.klosterstadt-hornbach.de\/klostermuseum-historama\/\" target=\"_blank\" rel=\"noopener\">Klostermuseum Historama<\/a> und das <a href=\"https:\/\/www.kloster-hornbach.de\" target=\"_blank\" rel=\"noopener\">Hotel Kloster Hornbach<\/a> er\u00f6ffnet.\u00a0<\/p>\n<p>Durch die Regionalisierungsprozesse sowohl der katholischen als auch der evangelischen Pfarreien und Kirchengemeinden stehen die Hornbacher in der nahen Zukunft vor neuen Herausforderungen.<\/p>\n<\/div><\/div>\n\n\n\n<div class=\"wp-block-getwid-accordion__header-wrapper\"><span class=\"wp-block-getwid-accordion__header\"><a href=\"#\"><span class=\"wp-block-getwid-accordion__header-title\">\u00dcberblick<\/span><span class=\"wp-block-getwid-accordion__icon is-active\"><i class=\"fas fa-plus\"><\/i><\/span><span class=\"wp-block-getwid-accordion__icon is-passive\"><i class=\"fas fa-minus\"><\/i><\/span><\/a><\/span><\/div><div class=\"wp-block-getwid-accordion__content-wrapper\"><div class=\"wp-block-getwid-accordion__content\">\n<div class=\"wp-block-uagb-image uagb-block-2816b00d wp-block-uagb-image--layout-default wp-block-uagb-image--effect-zoomin wp-block-uagb-image--align-none\"><figure class=\"wp-block-uagb-image__figure\"><a class=\"\" href=\"https:\/\/evk-hornbach.de\/wp-content\/uploads\/2024\/11\/Hornbach-02-Plan-2019-gje.jpg\" target=\"_blank\" rel=\"noreferrer noopener\"><img decoding=\"async\" srcset=\"https:\/\/evk-hornbach.de\/wp-content\/uploads\/2024\/11\/Hornbach-02-Plan-2019-gje-1024x714.jpg ,https:\/\/evk-hornbach.de\/wp-content\/uploads\/2024\/11\/Hornbach-02-Plan-2019-gje.jpg 780w, https:\/\/evk-hornbach.de\/wp-content\/uploads\/2024\/11\/Hornbach-02-Plan-2019-gje.jpg 360w\" sizes=\"auto, (max-width: 480px) 150px\" src=\"https:\/\/evk-hornbach.de\/wp-content\/uploads\/2024\/11\/Hornbach-02-Plan-2019-gje-1024x714.jpg\" alt=\"\" class=\"uag-image-51119\" width=\"1206\" height=\"841\" title=\"Plan des Klosterbezirks heute\" loading=\"lazy\" role=\"img\"\/><\/a><\/figure><\/div>\n<\/div><\/div>\n<\/div>\n","protected":false},"excerpt":{"rendered":"","protected":false},"author":2,"featured_media":0,"parent":0,"menu_order":0,"comment_status":"closed","ping_status":"closed","template":"","meta":{"_uag_custom_page_level_css":"","advgb_blocks_editor_width":"","advgb_blocks_columns_visual_guide":"","episode_type":"","audio_file":"","podmotor_file_id":"","podmotor_episode_id":"","cover_image":"","cover_image_id":"","duration":"","filesize":"","filesize_raw":"","date_recorded":"","explicit":"","block":"","cybocfi_hide_featured_image":"","footnotes":""},"class_list":["post-51115","page","type-page","status-publish","hentry","entry"],"uagb_featured_image_src":{"full":false,"thumbnail":false,"medium":false,"medium_large":false,"large":false,"ug_big":false,"1536x1536":false,"2048x2048":false,"post-thumbnail":false},"uagb_author_info":{"display_name":"Christian G\u00fcnther","author_link":"https:\/\/evk-hornbach.de\/?author=2"},"uagb_comment_info":0,"uagb_excerpt":null,"coauthors":[],"author_meta":{"author_link":"https:\/\/evk-hornbach.de\/?author=2","display_name":"Christian G\u00fcnther"},"relative_dates":{"created":"Ver\u00f6ffentlicht 1\u00a0Jahr vor","modified":"Aktualisiert 1\u00a0Jahr vor"},"absolute_dates":{"created":"Ver\u00f6ffentlicht am 7. November 2024","modified":"Aktualisiert am 7. November 2024"},"absolute_dates_time":{"created":"Ver\u00f6ffentlicht am 7. November 2024 0:18","modified":"Aktualisiert am 7. November 2024 18:22"},"featured_img_caption":"","featured_img":false,"series_order":"","jetpack-related-posts":[{"id":211,"url":"https:\/\/evk-hornbach.de\/?page_id=211","url_meta":{"origin":51115,"position":0},"title":"Protestantisches Pfarramt Hornbach","author":"Christian G\u00fcnther","date":"31. Juli 2016","format":false,"excerpt":"Zum Protestantischen Pfarramt Hornbach geh\u00f6ren zwei Kirchengemeinden: Hornbach-Brenschelbach (mit den Orten Hornbach, Mauschbach, Dietrichingen, Brenschelbach und Riesweiler) Althornbach Eine Liste der Hornbacher Gemeindepfarrer (seit 1900) finden Sie hier. Die Zust\u00e4ndigkeit f\u00fcr Althornbach wechselte mehrfach zwischen der Pfarrei Hornbach und Rimschweiler. Seitdem 2014 die Pfarreien Mittelbach und Rimschweiler zusammengelegt wurden, wechselte\u2026","rel":"","context":"\u00c4hnlicher Beitrag","block_context":{"text":"\u00c4hnlicher Beitrag","link":""},"img":{"alt_text":"","src":"https:\/\/i0.wp.com\/evk-hornbach.de\/wp-content\/uploads\/2019\/11\/Karte-Pfarrei-Hornbach-1024x749.png?resize=350%2C200&ssl=1","width":350,"height":200,"srcset":"https:\/\/i0.wp.com\/evk-hornbach.de\/wp-content\/uploads\/2019\/11\/Karte-Pfarrei-Hornbach-1024x749.png?resize=350%2C200&ssl=1 1x, https:\/\/i0.wp.com\/evk-hornbach.de\/wp-content\/uploads\/2019\/11\/Karte-Pfarrei-Hornbach-1024x749.png?resize=525%2C300&ssl=1 1.5x, https:\/\/i0.wp.com\/evk-hornbach.de\/wp-content\/uploads\/2019\/11\/Karte-Pfarrei-Hornbach-1024x749.png?resize=700%2C400&ssl=1 2x"},"classes":[]},{"id":279,"url":"https:\/\/evk-hornbach.de\/?page_id=279","url_meta":{"origin":51115,"position":1},"title":"Christliche Glaubensgemeinschaften in unserer Nachbarschaft","author":"Christian G\u00fcnther","date":"8. August 2016","format":false,"excerpt":"Neben den Nachbarpfarreien unserer eigenen Landeskirche Rimschweiler-Mittelbach Walsheim-Breitfurt Gro\u00dfsteinhausen bestehen auch zu den Kirchengemeinden anderer Konfessionen Kontakte auf unterschiedlichen Ebenen (Kreise, Jugendarbeit, Gottesdienste, Projekte) und eine gute Zusammenarbeit. \u00a0 Derzeit gibt es\u00a0insbesondere zur katholischen Kirchengemeinde, die seit 2014 zur Pfarreiengemeinschaft Contwig geh\u00f6rt, ein herzliches und partnerschaftliches Verh\u00e4ltnis. Dies gilt ebenso\u2026","rel":"","context":"\u00c4hnlicher Beitrag","block_context":{"text":"\u00c4hnlicher Beitrag","link":""},"img":{"alt_text":"By atreyu (Own work) [CC BY-SA 4.0 (http:\/\/creativecommons.org\/licenses\/by-sa\/4.0)], via Wikimedia Commons","src":"https:\/\/upload.wikimedia.org\/wikipedia\/commons\/5\/5c\/Hornbach_Katholische_Kirche_St._Pirminius_02.JPG","width":350,"height":200},"classes":[]},{"id":39685,"url":"https:\/\/evk-hornbach.de\/?page_id=39685","url_meta":{"origin":51115,"position":2},"title":"Links der Prot. Kirchengemeinde Hornbachtal mit der Prot. Kirchengemeinde Rimschweiler","author":"Patrick Gauter","date":"27. August 2020","format":false,"excerpt":"Hornbacher Gottesdienst - 4. Sonntag nach Ostern | Kantate, 03.05.2026, 10 Uhr 50. Benefizkonzert in der Prot. Klosterkirche Hornbach, 05.01.2025, 17:00 Uhr Neue Internetseite der Prot. Kita Storchennest Althornbach Webseite der Prot. Kirchengemeinden Hornbach-Brenschelbach und Althornbach YouTube Kanal der Prot. Kirchengemeinden Hornbach-Brenschelbach und Althornbach","rel":"","context":"\u00c4hnlicher Beitrag","block_context":{"text":"\u00c4hnlicher Beitrag","link":""},"img":{"alt_text":"","src":"https:\/\/i0.wp.com\/evk-hornbach.de\/wp-content\/uploads\/2017\/12\/cropped-logov2.png?resize=350%2C200&ssl=1","width":350,"height":200,"srcset":"https:\/\/i0.wp.com\/evk-hornbach.de\/wp-content\/uploads\/2017\/12\/cropped-logov2.png?resize=350%2C200&ssl=1 1x, https:\/\/i0.wp.com\/evk-hornbach.de\/wp-content\/uploads\/2017\/12\/cropped-logov2.png?resize=525%2C300&ssl=1 1.5x, https:\/\/i0.wp.com\/evk-hornbach.de\/wp-content\/uploads\/2017\/12\/cropped-logov2.png?resize=700%2C400&ssl=1 2x, https:\/\/i0.wp.com\/evk-hornbach.de\/wp-content\/uploads\/2017\/12\/cropped-logov2.png?resize=1050%2C600&ssl=1 3x"},"classes":[]},{"id":85,"url":"https:\/\/evk-hornbach.de\/?page_id=85","url_meta":{"origin":51115,"position":3},"title":"Impressum","author":"Christian G\u00fcnther","date":"29. Juli 2016","format":false,"excerpt":"Angaben gem\u00e4\u00df \u00a7 5 TMG und Abschnitt 2 DSGVO Daniel Seel Im Klosterbezirk 66500 Hornbach Kontakt: Telefon:\u00a006338 993040 E-Mail: pfarramt@evk-hornbach.de Verantwortlich f\u00fcr den Inhalt nach \u00a7 55 Abs. 2 RStV: Christian G\u00fcnther Eckstr. 19 66500 Mauschbach Datenschutzerkl\u00e4rung Haftungsausschluss DATENSCHUTZERKL\u00c4RUNG Wir freuen uns sehr \u00fcber Ihr Interesse an unserer Kirchengemeinde. Datenschutz\u2026","rel":"","context":"\u00c4hnlicher Beitrag","block_context":{"text":"\u00c4hnlicher Beitrag","link":""},"img":{"alt_text":"","src":"","width":0,"height":0},"classes":[]},{"id":40667,"url":"https:\/\/evk-hornbach.de\/?page_id=40667","url_meta":{"origin":51115,"position":4},"title":"Regelm\u00e4\u00dfige, geistliche Online-Angebote aus der Ev. Kirche der Pfalz","author":"Christian G\u00fcnther","date":"24. Januar 2021","format":false,"excerpt":"Wir Althornbacher, Brenschelbacher, Hornbacher, Mauschbacher, Dietrichinger, Riesweilerer, Gro\u00dfbundenbacher und Bottenbacher sind bei Leibe nicht die einzigen aus der pf\u00e4lzischen Landeskirche, die in der Lockdown-Zeit neue Online-Angebote entwickelt haben. Aber bis vor kurzem wussten wir nur von den paar Angeboten unserer Freunde und Bekannten. Nun wird landeskirchenweit etwas unternommen, und eine\u2026","rel":"","context":"\u00c4hnlicher Beitrag","block_context":{"text":"\u00c4hnlicher Beitrag","link":""},"img":{"alt_text":"","src":"https:\/\/i0.wp.com\/evk-hornbach.de\/wp-content\/uploads\/2021\/01\/Bildschirmfoto-von-2021-01-29-14-27-12.png?resize=350%2C200&ssl=1","width":350,"height":200,"srcset":"https:\/\/i0.wp.com\/evk-hornbach.de\/wp-content\/uploads\/2021\/01\/Bildschirmfoto-von-2021-01-29-14-27-12.png?resize=350%2C200&ssl=1 1x, https:\/\/i0.wp.com\/evk-hornbach.de\/wp-content\/uploads\/2021\/01\/Bildschirmfoto-von-2021-01-29-14-27-12.png?resize=525%2C300&ssl=1 1.5x, https:\/\/i0.wp.com\/evk-hornbach.de\/wp-content\/uploads\/2021\/01\/Bildschirmfoto-von-2021-01-29-14-27-12.png?resize=700%2C400&ssl=1 2x"},"classes":[]},{"id":1839,"url":"https:\/\/evk-hornbach.de\/?page_id=1839","url_meta":{"origin":51115,"position":5},"title":"Die Quizfrage vom 1. Dezember","author":"Christian G\u00fcnther","date":"25. November 2017","format":false,"excerpt":"Eine sch\u00f6ne und friedliche Advents- und Weihnachtszeit ... ... w\u00fcnschen Euch die Kirchengemeinden Hornbach-Brenschelbach und Althornbach!","rel":"","context":"\u00c4hnlicher Beitrag","block_context":{"text":"\u00c4hnlicher Beitrag","link":""},"img":{"alt_text":"","src":"https:\/\/i0.wp.com\/evk-hornbach.de\/wp-content\/uploads\/2017\/11\/adventskalender-banner.jpg?resize=350%2C200&ssl=1","width":350,"height":200,"srcset":"https:\/\/i0.wp.com\/evk-hornbach.de\/wp-content\/uploads\/2017\/11\/adventskalender-banner.jpg?resize=350%2C200&ssl=1 1x, https:\/\/i0.wp.com\/evk-hornbach.de\/wp-content\/uploads\/2017\/11\/adventskalender-banner.jpg?resize=525%2C300&ssl=1 1.5x, https:\/\/i0.wp.com\/evk-hornbach.de\/wp-content\/uploads\/2017\/11\/adventskalender-banner.jpg?resize=700%2C400&ssl=1 2x, https:\/\/i0.wp.com\/evk-hornbach.de\/wp-content\/uploads\/2017\/11\/adventskalender-banner.jpg?resize=1050%2C600&ssl=1 3x"},"classes":[]}],"jetpack_sharing_enabled":true,"publishpress_future_action":{"enabled":false,"date":"2026-05-10 17:20:01","action":"change-status","newStatus":"draft","terms":[],"taxonomy":"","extraData":[]},"publishpress_future_workflow_manual_trigger":{"enabledWorkflows":[]},"_links":{"self":[{"href":"https:\/\/evk-hornbach.de\/index.php?rest_route=\/wp\/v2\/pages\/51115","targetHints":{"allow":["GET"]}}],"collection":[{"href":"https:\/\/evk-hornbach.de\/index.php?rest_route=\/wp\/v2\/pages"}],"about":[{"href":"https:\/\/evk-hornbach.de\/index.php?rest_route=\/wp\/v2\/types\/page"}],"author":[{"embeddable":true,"href":"https:\/\/evk-hornbach.de\/index.php?rest_route=\/wp\/v2\/users\/2"}],"replies":[{"embeddable":true,"href":"https:\/\/evk-hornbach.de\/index.php?rest_route=%2Fwp%2Fv2%2Fcomments&post=51115"}],"version-history":[{"count":17,"href":"https:\/\/evk-hornbach.de\/index.php?rest_route=\/wp\/v2\/pages\/51115\/revisions"}],"predecessor-version":[{"id":51152,"href":"https:\/\/evk-hornbach.de\/index.php?rest_route=\/wp\/v2\/pages\/51115\/revisions\/51152"}],"wp:attachment":[{"href":"https:\/\/evk-hornbach.de\/index.php?rest_route=%2Fwp%2Fv2%2Fmedia&parent=51115"}],"curies":[{"name":"wp","href":"https:\/\/api.w.org\/{rel}","templated":true}]}}